{"id":7543,"date":"2022-02-28T13:42:31","date_gmt":"2022-02-28T19:42:31","guid":{"rendered":"http:\/\/www.implangto.gob.mx\/?page_id=7543"},"modified":"2026-02-05T12:15:22","modified_gmt":"2026-02-05T18:15:22","slug":"comite-de-adquisiciones","status":"publish","type":"page","link":"https:\/\/www.implanguanajuato.gob.mx\/?page_id=7543","title":{"rendered":"Comit\u00e9  de Adquisiciones"},"content":{"rendered":"\t\t<div data-elementor-type=\"wp-page\" data-elementor-id=\"7543\" class=\"elementor elementor-7543\" data-elementor-post-type=\"page\">\n\t\t\t\t\t\t<section class=\"elementor-section elementor-top-section elementor-element elementor-element-38cfb746 elementor-section-boxed elementor-section-height-default elementor-section-height-default\" data-id=\"38cfb746\" data-element_type=\"section\" data-e-type=\"section\">\n\t\t\t\t\t\t<div class=\"elementor-container elementor-column-gap-default\">\n\t\t\t\t\t<div class=\"elementor-column elementor-col-100 elementor-top-column elementor-element elementor-element-2ea9e76d\" data-id=\"2ea9e76d\" data-element_type=\"column\" data-e-type=\"column\">\n\t\t\t<div class=\"elementor-widget-wrap elementor-element-populated\">\n\t\t\t\t\t\t<div class=\"elementor-element elementor-element-12116ef elementor-widget elementor-widget-heading\" data-id=\"12116ef\" data-element_type=\"widget\" data-e-type=\"widget\" data-widget_type=\"heading.default\">\n\t\t\t\t<div class=\"elementor-widget-container\">\n\t\t\t\t\t<h2 class=\"elementor-heading-title elementor-size-default\">Comit\u00e9 de Adquisiciones, Enajenaciones, Arrendamientos y Contrataci\u00f3n de Servicios del Instituto Municipal de Planeaci\u00f3n de Guanajuato, Gto.<\/h2>\t\t\t\t<\/div>\n\t\t\t\t<\/div>\n\t\t\t\t\t<\/div>\n\t\t<\/div>\n\t\t\t\t\t<\/div>\n\t\t<\/section>\n\t\t\t\t<section class=\"elementor-section elementor-top-section elementor-element elementor-element-b24f181 elementor-section-boxed elementor-section-height-default elementor-section-height-default\" data-id=\"b24f181\" data-element_type=\"section\" data-e-type=\"section\">\n\t\t\t\t\t\t<div class=\"elementor-container elementor-column-gap-default\">\n\t\t\t\t\t<div class=\"elementor-column elementor-col-100 elementor-top-column elementor-element elementor-element-7cc3dc6\" data-id=\"7cc3dc6\" data-element_type=\"column\" data-e-type=\"column\">\n\t\t\t<div class=\"elementor-widget-wrap elementor-element-populated\">\n\t\t\t\t\t\t<div class=\"elementor-element elementor-element-26b8f1f elementor-widget elementor-widget-text-editor\" data-id=\"26b8f1f\" data-element_type=\"widget\" data-e-type=\"widget\" data-widget_type=\"text-editor.default\">\n\t\t\t\t<div class=\"elementor-widget-container\">\n\t\t\t\t\t\t\t\t\t<p style=\"text-align: justify;\">Con fundamento en el <em>Art\u00edculo 265<\/em> de la <em>Ley para el Gobierno y la administraci\u00f3n de los Municipios de Guanajuato<\/em> y la \u00faltima reforma del <em>Reglamento del Instituto Municipal de Planeaci\u00f3n de Guanajuato (Art. 2, 11, 21, 44 Bis, 44 Ter, 44 Quarter, 44 Quinquies y 45)<\/em>, aprobada por el H. Ayuntamiento en la Sesi\u00f3n ordinaria n\u00famero 47 de 2021 y publicada en el Peri\u00f3dico Oficial del Estado de Guanajuato el 19 de abril de 2021, se reconoce la integraci\u00f3n del <strong>Comit\u00e9 de Adquisiciones, Enajenaciones, Arrendamientos y Contrataci\u00f3n de Servicios<\/strong> como el organismo encargado de administrar los recursos del IMPLAN Guanajuato.<\/p>\n<p style=\"text-align: justify;\">El Comit\u00e9 se integra por 2 miembros de la Junta Directiva nombrados en la Primera sesi\u00f3n ordinaria 2022 JD, 3 miembros del Consejo Consultivo designados en la Sexta sesi\u00f3n ordinaria 2021 CC, un representante de la Contralor\u00eda Municipal y el Director General del Instituto. Sus principales funciones son: aprobar el Programa Anual de Adquisiciones, Arrendamientos y Servicios del Instituto, aprobar bases para licitaciones y publicar las convocatorias y emitir los fallos correspondientes, tambi\u00e9n es de su injerencia el analizar y discutir las propuestas de rescisi\u00f3n o terminaci\u00f3n de contratos con proveedores o prestadores de servicios.<\/p>\t\t\t\t\t\t\t\t<\/div>\n\t\t\t\t<\/div>\n\t\t\t\t\t<\/div>\n\t\t<\/div>\n\t\t\t\t\t<\/div>\n\t\t<\/section>\n\t\t\t\t<section class=\"elementor-section elementor-top-section elementor-element elementor-element-59ffdc0 elementor-section-boxed elementor-section-height-default elementor-section-height-default\" data-id=\"59ffdc0\" data-element_type=\"section\" data-e-type=\"section\">\n\t\t\t\t\t\t<div class=\"elementor-container elementor-column-gap-default\">\n\t\t\t\t\t<div class=\"elementor-column elementor-col-100 elementor-top-column elementor-element elementor-element-d0440ce\" data-id=\"d0440ce\" data-element_type=\"column\" data-e-type=\"column\">\n\t\t\t<div class=\"elementor-widget-wrap elementor-element-populated\">\n\t\t\t\t\t\t<div class=\"elementor-element elementor-element-80b960e elementor-widget elementor-widget-text-editor\" data-id=\"80b960e\" data-element_type=\"widget\" data-e-type=\"widget\" data-widget_type=\"text-editor.default\">\n\t\t\t\t<div class=\"elementor-widget-container\">\n\t\t\t\t\t\t\t\t\t<h2 class=\"has-text-align-center has-large-font-size\"><span class=\"tadv-color\">CONFORMADO POR:<\/span><\/h2><p><!-- \/wp:heading --><\/p><p><!-- wp:heading {\"textAlign\":\"center\",\"level\":1,\"style\":{\"color\":{\"text\":\"#b8c6b0\"}}} --><\/p><h1 class=\"has-text-align-center has-text-color\" style=\"text-align: center;\"><span style=\"color: #a6bda6;\"><em><span style=\"font-size: 18pt;\">2 Miembros del H. Ayuntamiento y Junta Directiva<\/span><\/em><em>\u00a0<\/em><\/span><\/h1><p style=\"text-align: center;\"><span style=\"color: #a6bda6;\"><em><!-- \/wp:heading --><\/em><\/span><\/p><p style=\"text-align: center;\"><span style=\"color: #a6bda6;\"><em><!-- wp:heading {\"textAlign\":\"center\",\"level\":1,\"style\":{\"color\":{\"text\":\"#b8c6b0\"}}} --><\/em><\/span><\/p><h1 class=\"has-text-align-center has-text-color\" style=\"text-align: center;\"><span style=\"color: #a6bda6;\"><em><span style=\"font-size: 18pt;\">3 Integrantes del Consejo Consultivo<\/span><\/em><\/span><\/h1><h1 style=\"text-align: center;\"><span style=\"color: #a6bda6;\"><em><span style=\"font-size: 18pt;\">1 Representante de la Contralor\u00eda Municipal<\/span><\/em><\/span><\/h1><p style=\"text-align: center;\"><span style=\"color: #a6bda6;\"><em><!-- \/wp:heading --><\/em><\/span><\/p><p style=\"text-align: center;\"><span style=\"color: #a6bda6;\"><em><!-- wp:heading {\"textAlign\":\"center\",\"level\":1,\"style\":{\"color\":{\"text\":\"#b8c6b0\"}}} --><\/em><\/span><\/p><h1 class=\"has-text-align-center has-text-color\" style=\"text-align: center;\"><span style=\"color: #a6bda6;\"><em><span style=\"font-size: 18pt;\">El Director del IMPLAN<\/span><\/em><\/span><\/h1>\t\t\t\t\t\t\t\t<\/div>\n\t\t\t\t<\/div>\n\t\t\t\t\t<\/div>\n\t\t<\/div>\n\t\t\t\t\t<\/div>\n\t\t<\/section>\n\t\t\t\t<section class=\"elementor-section elementor-top-section elementor-element elementor-element-287cdc7 elementor-section-boxed elementor-section-height-default elementor-section-height-default\" data-id=\"287cdc7\" data-element_type=\"section\" data-e-type=\"section\">\n\t\t\t\t\t\t<div class=\"elementor-container elementor-column-gap-default\">\n\t\t\t\t\t<div class=\"elementor-column elementor-col-100 elementor-top-column elementor-element elementor-element-27ce15a\" data-id=\"27ce15a\" data-element_type=\"column\" data-e-type=\"column\">\n\t\t\t<div class=\"elementor-widget-wrap elementor-element-populated\">\n\t\t\t\t\t\t<div class=\"elementor-element elementor-element-467edbc elementor-widget elementor-widget-spacer\" data-id=\"467edbc\" data-element_type=\"widget\" data-e-type=\"widget\" data-widget_type=\"spacer.default\">\n\t\t\t\t<div class=\"elementor-widget-container\">\n\t\t\t\t\t\t\t<div class=\"elementor-spacer\">\n\t\t\t<div class=\"elementor-spacer-inner\"><\/div>\n\t\t<\/div>\n\t\t\t\t\t\t<\/div>\n\t\t\t\t<\/div>\n\t\t\t\t<div class=\"elementor-element elementor-element-86d7ed4 elementor-widget elementor-widget-text-editor\" data-id=\"86d7ed4\" data-element_type=\"widget\" data-e-type=\"widget\" data-widget_type=\"text-editor.default\">\n\t\t\t\t<div class=\"elementor-widget-container\">\n\t\t\t\t\t\t\t\t\t<h1 style=\"text-align: center;\"><strong>MIEMBROS DEL COMIT\u00c9<\/strong><\/h1>\t\t\t\t\t\t\t\t<\/div>\n\t\t\t\t<\/div>\n\t\t\t\t<div class=\"elementor-element elementor-element-00952d8 elementor-widget elementor-widget-image\" data-id=\"00952d8\" data-element_type=\"widget\" data-e-type=\"widget\" data-widget_type=\"image.default\">\n\t\t\t\t<div class=\"elementor-widget-container\">\n\t\t\t\t\t\t\t\t\t\t\t\t\t\t\t<img fetchpriority=\"high\" decoding=\"async\" width=\"835\" height=\"454\" src=\"https:\/\/www.implanguanajuato.gob.mx\/wp-content\/uploads\/2022\/03\/INTEGRANTES-comiteAd-1024x557.jpeg\" class=\"attachment-large size-large wp-image-7771\" alt=\"\" srcset=\"https:\/\/www.implanguanajuato.gob.mx\/wp-content\/uploads\/2022\/03\/INTEGRANTES-comiteAd-1024x557.jpeg 1024w, https:\/\/www.implanguanajuato.gob.mx\/wp-content\/uploads\/2022\/03\/INTEGRANTES-comiteAd-300x163.jpeg 300w, https:\/\/www.implanguanajuato.gob.mx\/wp-content\/uploads\/2022\/03\/INTEGRANTES-comiteAd-768x418.jpeg 768w, https:\/\/www.implanguanajuato.gob.mx\/wp-content\/uploads\/2022\/03\/INTEGRANTES-comiteAd.jpeg 1264w\" sizes=\"(max-width: 835px) 100vw, 835px\" \/>\t\t\t\t\t\t\t\t\t\t\t\t\t\t\t<\/div>\n\t\t\t\t<\/div>\n\t\t\t\t<div class=\"elementor-element elementor-element-05e2591 elementor-widget elementor-widget-text-editor\" data-id=\"05e2591\" data-element_type=\"widget\" data-e-type=\"widget\" data-widget_type=\"text-editor.default\">\n\t\t\t\t<div class=\"elementor-widget-container\">\n\t\t\t\t\t\t\t\t\t<p>\u00a0<\/p>\n<div class=\"wp-block-columns has-2-columns\">\n<div class=\"wp-block-column\">\n<p class=\"has-text-align-center has-text-color has-background\" style=\"background-color: #dfdf93; color: #686868;\"><strong>Manuel Aguilar Romo<\/strong><\/p>\n<p><!-- \/wp:paragraph --><\/p>\n<\/div>\n<p><!-- \/wp:column --><\/p>\n<p><!-- wp:column --><\/p>\n<div class=\"wp-block-column\">\n<p><!-- wp:paragraph {\"align\":\"center\",\"style\":{\"color\":{\"background\":\"#f2f2f2\"}}} --><\/p>\n<p class=\"has-text-align-center has-background\" style=\"background-color: #f2f2f2;\">Cargo Pendiente<\/p>\n<p><!-- \/wp:paragraph --><\/p>\n<\/div>\n<p><!-- \/wp:column --><\/p>\n<\/div>\n<p><!-- \/wp:columns --><\/p>\n<p><!-- wp:columns {\"className\":\"has-2-columns\"} --><\/p>\n<div class=\"wp-block-columns has-2-columns\">\n<p><!-- wp:column --><\/p>\n<div class=\"wp-block-column\">\n<p><!-- wp:paragraph {\"align\":\"center\",\"style\":{\"color\":{\"text\":\"#686868\",\"background\":\"#dfdf93\"}}} --><\/p>\n<p class=\"has-text-align-center has-text-color has-background\" style=\"background-color: #dfdf93; color: #686868;\"><strong>Mar\u00eda Fernanda Arellano Caudillo<\/strong><\/p>\n<p><!-- \/wp:paragraph --><\/p>\n<\/div>\n<p><!-- \/wp:column --><\/p>\n<p><!-- wp:column --><\/p>\n<div class=\"wp-block-column\">\n<p><!-- wp:paragraph {\"align\":\"center\",\"style\":{\"color\":{\"background\":\"#f2f2f2\"}}} --><\/p>\n<p class=\"has-text-align-center has-background\" style=\"background-color: #f2f2f2;\">Cargo Pendiente (Junta Directiva)<\/p>\n<p><!-- \/wp:paragraph --><\/p>\n<\/div>\n<p><!-- \/wp:column --><\/p>\n<\/div>\n<p><!-- \/wp:columns --><\/p>\n<p><!-- wp:columns {\"className\":\"has-2-columns\"} --><\/p>\n<div class=\"wp-block-columns has-2-columns\">\n<p><!-- wp:column --><\/p>\n<div class=\"wp-block-column\">\n<p><!-- wp:paragraph {\"align\":\"center\",\"style\":{\"color\":{\"text\":\"#686868\",\"background\":\"#dfdf93\"}}} --><\/p>\n<p class=\"has-text-align-center has-text-color has-background\" style=\"background-color: #dfdf93; color: #686868;\"><strong>Mar\u00eda Iliana Brise\u00f1o Ram\u00edrez<\/strong><\/p>\n<p><!-- \/wp:paragraph --><\/p>\n<\/div>\n<p><!-- \/wp:column --><\/p>\n<p><!-- wp:column --><\/p>\n<div class=\"wp-block-column\">\n<p><!-- wp:paragraph {\"align\":\"center\",\"style\":{\"color\":{\"background\":\"#f2f2f2\"}}} --><\/p>\n<p class=\"has-text-align-center has-background\" style=\"background-color: #f2f2f2;\">Cargo Pendiente (Consejo Consultivo)<\/p>\n<p><!-- \/wp:paragraph --><\/p>\n<\/div>\n<p><!-- \/wp:column --><\/p>\n<\/div>\n<p><!-- \/wp:columns --><\/p>\n<p><!-- wp:columns {\"className\":\"has-2-columns\"} --><\/p>\n<div class=\"wp-block-columns has-2-columns\">\n<p><!-- wp:column --><\/p>\n<div class=\"wp-block-column\">\n<p><!-- wp:paragraph {\"align\":\"center\",\"style\":{\"color\":{\"text\":\"#686868\",\"background\":\"#dfdf93\"}}} --><\/p>\n<p class=\"has-text-align-center has-text-color has-background\" style=\"background-color: #dfdf93; color: #686868;\"><strong>Susana P\u00e9rez Garc\u00eda<\/strong><\/p>\n<p><!-- \/wp:paragraph --><\/p>\n<\/div>\n<p><!-- \/wp:column --><\/p>\n<p><!-- wp:column --><\/p>\n<div class=\"wp-block-column\">\n<p><!-- wp:paragraph {\"align\":\"center\",\"style\":{\"color\":{\"background\":\"#f2f2f2\"}}} --><\/p>\n<p class=\"has-text-align-center has-background\" style=\"background-color: #f2f2f2;\">Cargo Pendiente (Consejo Consultivo)<\/p>\n<p><!-- \/wp:paragraph --><\/p>\n<\/div>\n<p><!-- \/wp:column --><\/p>\n<\/div>\n<p><!-- \/wp:columns --><\/p>\n<p><!-- wp:columns {\"className\":\"has-2-columns\"} --><\/p>\n<div class=\"wp-block-columns has-2-columns\">\n<p><!-- wp:column --><\/p>\n<div class=\"wp-block-column\">\n<p><!-- wp:paragraph {\"align\":\"center\",\"style\":{\"color\":{\"text\":\"#686868\",\"background\":\"#dfdf93\"}}} --><\/p>\n<p class=\"has-text-align-center has-text-color has-background\" style=\"background-color: #dfdf93; color: #686868;\"><strong>Fernando Guti\u00e9rrez Anguiano<\/strong><\/p>\n<p><!-- \/wp:paragraph --><\/p>\n<\/div>\n<p><!-- \/wp:column --><\/p>\n<p><!-- wp:column --><\/p>\n<div class=\"wp-block-column\">\n<p><!-- wp:paragraph {\"align\":\"center\",\"style\":{\"color\":{\"background\":\"#f2f2f2\"}}} --><\/p>\n<p class=\"has-text-align-center has-background\" style=\"background-color: #f2f2f2;\">Cargo Pendiente (Consejo Consultivo)<\/p>\n<p><!-- \/wp:paragraph --><\/p>\n<\/div>\n<p><!-- \/wp:column --><\/p>\n<\/div>\n<p><!-- \/wp:columns --><\/p>\n<p><!-- wp:columns {\"className\":\"has-2-columns\"} --><\/p>\n<div class=\"wp-block-columns has-2-columns\">\n<p><!-- wp:column --><\/p>\n<div class=\"wp-block-column\">\n<p><!-- wp:paragraph {\"align\":\"center\",\"style\":{\"color\":{\"text\":\"#686868\",\"background\":\"#dfdf93\"}}} --><\/p>\n<p class=\"has-text-align-center has-text-color has-background\" style=\"background-color: #dfdf93; color: #686868;\"><strong>Pendiente<\/strong><\/p>\n<p><!-- \/wp:paragraph --><\/p>\n<\/div>\n<p><!-- \/wp:column --><\/p>\n<p><!-- wp:column --><\/p>\n<div class=\"wp-block-column\">\n<p><!-- wp:paragraph {\"align\":\"center\",\"style\":{\"color\":{\"background\":\"#f2f2f2\"}}} --><\/p>\n<p class=\"has-text-align-center has-background\" style=\"background-color: #f2f2f2;\">Representante de la Contralor\u00eda Municipal<\/p>\n<p><!-- \/wp:paragraph --><\/p>\n<\/div>\n<p><!-- \/wp:column --><\/p>\n<\/div>\n<p><!-- \/wp:columns --><\/p>\n<p><!-- wp:columns {\"className\":\"has-2-columns\"} --><\/p>\n<div class=\"wp-block-columns has-2-columns\">\n<p><!-- wp:column --><\/p>\n<div class=\"wp-block-column\">\n<p><!-- wp:paragraph {\"align\":\"center\",\"style\":{\"color\":{\"text\":\"#686868\",\"background\":\"#dfdf93\"}}} --><\/p>\n<p class=\"has-text-align-center has-text-color has-background\" style=\"background-color: #dfdf93; color: #686868;\"><strong>Ma del Roc\u00edo Mart\u00ednez Vel\u00e1zquez<\/strong><\/p>\n<p><!-- \/wp:paragraph --><\/p>\n<\/div>\n<p><!-- \/wp:column --><\/p>\n<p><!-- wp:column --><\/p>\n<div class=\"wp-block-column\">\n<p><!-- wp:paragraph {\"align\":\"center\",\"style\":{\"color\":{\"background\":\"#f2f2f2\"}}} --><\/p>\n<p class=\"has-text-align-center has-background\" style=\"background-color: #f2f2f2;\">Secretario T\u00e9cnico<\/p>\n<p><!-- \/wp:paragraph --><\/p>\n<\/div>\n<p><!-- \/wp:column --><\/p>\n<\/div>\n<p><!-- \/wp:columns --><\/p>\n<p><!-- wp:columns {\"className\":\"has-2-columns\"} --><\/p>\n<div class=\"wp-block-columns has-2-columns\">\n<p><!-- wp:column --><\/p>\n<div class=\"wp-block-column\">\n<p><!-- wp:paragraph {\"align\":\"center\",\"style\":{\"color\":{\"text\":\"#686868\",\"background\":\"#dfdf93\"}}} --><\/p>\n<\/div>\n<\/div>\t\t\t\t\t\t\t\t<\/div>\n\t\t\t\t<\/div>\n\t\t\t\t\t<\/div>\n\t\t<\/div>\n\t\t\t\t\t<\/div>\n\t\t<\/section>\n\t\t\t\t<section class=\"elementor-section elementor-top-section elementor-element elementor-element-91ad5a4 elementor-section-boxed elementor-section-height-default elementor-section-height-default\" data-id=\"91ad5a4\" data-element_type=\"section\" data-e-type=\"section\">\n\t\t\t\t\t\t<div class=\"elementor-container elementor-column-gap-default\">\n\t\t\t\t\t<div class=\"elementor-column elementor-col-100 elementor-top-column elementor-element elementor-element-e9d0aa6\" data-id=\"e9d0aa6\" data-element_type=\"column\" data-e-type=\"column\">\n\t\t\t<div class=\"elementor-widget-wrap elementor-element-populated\">\n\t\t\t\t\t\t<div class=\"elementor-element elementor-element-be14778 elementor-widget elementor-widget-text-editor\" data-id=\"be14778\" data-element_type=\"widget\" data-e-type=\"widget\" data-widget_type=\"text-editor.default\">\n\t\t\t\t<div class=\"elementor-widget-container\">\n\t\t\t\t\t\t\t\t\t<h3>Reformas al Reglamento del IMPLAN<\/h3><h5><a href=\"http:\/\/www.implanguanajuato.gob.mx\/wp-content\/uploads\/2022\/03\/6.-PO_77_2da_Parte_20210419.pdf\" target=\"_blank\" rel=\"noopener\">Publicaci\u00f3n en el Peri\u00f3dico Oficial del Estado de Guanajuato<\/a><\/h5><p>\u00a0<\/p><h3 style=\"text-align: center;\"><strong>REGLAMENTO DEL INSTITUTO MUNICIPAL DE PLANEACI\u00d3N DE GUANAJUATO, GTO.<\/strong><\/h3><p style=\"text-align: justify;\"><!-- \/wp:heading --><\/p><p style=\"text-align: justify;\"><!-- wp:tadv\/classic-paragraph --><\/p><p style=\"text-align: justify;\"><strong><span style=\"color: #008000;\">CAP\u00cdTULO I.<\/span><span style=\"color: #99cc00;\"><br \/><\/span><\/strong><\/p><p style=\"text-align: justify;\"><span style=\"color: #99cc00;\">DISPOSICIONES GENERALES<\/span><\/p><p style=\"text-align: justify;\"><!-- \/wp:tadv\/classic-paragraph --><\/p><p style=\"text-align: justify;\"><!-- wp:tadv\/classic-paragraph --><\/p><p style=\"text-align: justify;\"><span style=\"color: #008000;\"><strong>ART\u00cdCULO 2.<\/strong><\/span> <span style=\"color: #000000;\">Para los efectos&#8230;<\/span><\/p><p style=\"padding-left: 40px; text-align: justify;\"><span style=\"color: #008000;\">I.<\/span> <span style=\"color: #000000;\">a<\/span> <span style=\"color: #008000;\">VI<\/span>. <span style=\"color: #000000;\">(&#8230;)<\/span><\/p><p style=\"padding-left: 40px; text-align: justify;\"><span style=\"color: #008000;\">VII. <span style=\"color: #000000;\">Comit\u00e9 de Adquisiciones. Comit\u00e9 de Adquisiciones, Enajenaciones, Arrendamientos y Contrataci\u00f3n de Servicios del Instituto Municipal de Planeaci\u00f3n de Guanajuato, Gto.;<\/span><\/span><\/p><p style=\"text-align: justify;\"><span style=\"color: #008000;\"><strong>ART\u00cdCULO 11.<\/strong> <span style=\"color: #000000;\">El Instituto, para &#8230;<\/span> <\/span><\/p><p style=\"padding-left: 40px; text-align: justify;\"><span style=\"color: #008000;\">I.\u00a0 <span style=\"color: #000000;\">Una junta directiva;<\/span><\/span><\/p><p style=\"padding-left: 40px; text-align: justify;\"><span style=\"color: #008000;\">II. <span style=\"color: #000000;\">Un consejo consultivo; y,<\/span><\/span><\/p><p style=\"padding-left: 40px; text-align: justify;\"><span style=\"color: #008000;\">III. <span style=\"color: #000000;\">Un Comit\u00e9 de Adquisiciones<\/span><\/span><\/p><p style=\"text-align: justify;\"><span style=\"color: #008000;\"><strong>ART\u00cdCULO 21.\u00a0<\/strong><span style=\"color: #000000;\">Corresponde al secretario&#8230;<\/span><\/span><\/p><p style=\"padding-left: 40px; text-align: justify;\"><span style=\"color: #008000;\">I <span style=\"color: #000000;\">a<\/span> III. <span style=\"color: #000000;\">(&#8230;)<\/span><\/span><\/p><p style=\"padding-left: 40px; text-align: justify;\"><span style=\"color: #008000;\">IV. <span style=\"color: #000000;\">Firmar conjuntamente con el presidente de la junta directiva las comunicaciones que dirija a nombre de \u00e9sta;<\/span><\/span><\/p><p style=\"padding-left: 40px; text-align: justify;\"><span style=\"color: #008000;\">V. <span style=\"color: #000000;\">Levantar las actas de las sesiones del Comit\u00e9 de Adquisiciones, as\u00ed como de las reuniones que convoque dentro de los procesos de adjudicaci\u00f3n que el Instituto lleve a cabo: y<\/span><\/span><\/p><p style=\"padding-left: 40px; text-align: justify;\"><span style=\"color: #008000;\">VI. <span style=\"color: #000000;\">Las dem\u00e1s que se desprendan del reglamento y que le encomiende la Junta Directiva, en uso de sus facultades.<\/span><\/span><\/p><p style=\"text-align: justify;\"><span style=\"color: #008000;\"><strong>ART\u00cdCULO 44 Bis. <\/strong><\/span><span style=\"color: #000000;\">Para las adquisiciones, enajenaciones, arrendamientos y contrataci\u00f3n de servicios relacionados con los bienes muebles e inmuebles del Instituto contar\u00e1 con un Comit\u00e9 de Adquisiciones.<\/span><\/p><p style=\"text-align: justify;\"><span style=\"color: #008000;\"><strong>ART\u00cdCULO 44 Ter. <\/strong><\/span><span style=\"color: #000000;\">El Comit\u00e9 de Adquisiciones tendr\u00e1 las atribuciones siguientes:<\/span><\/p><p style=\"padding-left: 40px; text-align: justify;\"><span style=\"color: #008000;\">I. <span style=\"color: #000000;\">Aprobar el Programa Anual de Adquisiciones, Arrendamientos y Servicios del Instituto;<\/span><\/span><\/p><p style=\"padding-left: 40px; text-align: justify;\"><span style=\"color: #008000;\">II. <span style=\"color: #000000;\">Recibir las solicitudes de adquisici\u00f3n de bienes o contrataci\u00f3n de servicios de las \u00e1reas administrativas solicitantes del Instituto;<\/span><\/span><\/p><p style=\"padding-left: 40px; text-align: justify;\"><span style=\"color: #008000;\">III. <span style=\"color: #000000;\">Aprobar las bases de licitaci\u00f3n;<\/span><\/span><\/p><p style=\"padding-left: 40px; text-align: justify;\"><span style=\"color: #008000;\">IV. <span style=\"color: #000000;\">Aprobar el inicio de los procesos de enajenaci\u00f3n o adjudicaciones de contratos, conforme a los ordenamientos legales de la materia;<\/span><\/span><\/p><p style=\"padding-left: 40px; text-align: justify;\"><span style=\"color: #000000;\"><span style=\"color: #008000;\">V.<\/span> Emitir los fallos correspondientes<\/span><\/p><p style=\"padding-left: 40px; text-align: justify;\"><span style=\"color: #000000;\"><span style=\"color: #008000;\">VI.<\/span> Analizar y discutir las propuestas de rescisi\u00f3n o terminaci\u00f3n de contratos celebrados con proveedores o prestadores de servicios, cuando incurran en una causa de terminaci\u00f3n prevista en el Reglamento vigente en materia de Contrataciones P\u00fablicas del Municipio de Guanajuato, o en el propio contrato;<\/span><\/p><p style=\"padding-left: 40px; text-align: justify;\"><span style=\"color: #000000;\"><span style=\"color: #008000;\">VII.<\/span> Analizar y dictaminar sobre procedencia o improcedencia del pago de indemnizaciones a proveedores o prestadores de servicios en el caso de que se d\u00e9 alg\u00fan supuesto de la fracci\u00f3n que antecede;<\/span><\/p><p style=\"padding-left: 40px; text-align: justify;\"><span style=\"color: #000000;\"><span style=\"color: #008000;\">VIII.<\/span> Publicar en los t\u00e9rminos de los ordenamientos legales de la materia las convocatorias de licitaciones p\u00fablicas; y<\/span><\/p><p style=\"padding-left: 40px; text-align: justify;\"><span style=\"color: #000000;\"><span style=\"color: #008000;\">IX.<\/span> Lo no previsto en el presente art\u00edculo, se est\u00e1 a los dispuesto en el Reglamento vigente en materia de Contrataciones P\u00fablicas del Municipio de Guanajuato, as\u00ed como a las dem\u00e1s leyes, reglamentos\u00a0 y las que sean necesarias para el cumplimiento de su objetivo.<\/span><\/p><p><span style=\"color: #008000;\"><strong>ART\u00cdCULO 44 Quarter.\u00a0<\/strong><\/span><span style=\"color: #000000;\">El Comit\u00e9 de Adquisiciones estar\u00e1 integrado por:<\/span><\/p><p style=\"padding-left: 40px;\"><span style=\"color: #000000;\"><span style=\"color: #008000;\">I.<\/span> El Presidente, cuya figura recaer\u00e1 en un miembro del Ayuntamiento que forme parte de la Junta Directiva, que para tal efecto \u00e9ste lo designe;<\/span><\/p><p style=\"padding-left: 40px; text-align: justify;\"><span style=\"color: #000000;\"><span style=\"color: #008000;\">II.<\/span> El Secretario T\u00e9cnico, que ser\u00e1 el Director General del Instituto;<\/span><\/p><p style=\"padding-left: 40px; text-align: justify;\"><span style=\"color: #000000;\"><span style=\"color: #008000;\">III.<\/span> Cuatro vocales, de los cuales tres ser\u00e1n designados por el Consejo Consultivo de entre sus miembros, y uno designado por la Junta Directiva de entre los miembros del Ayuntamiento que lo conforman; y,<\/span><\/p><p style=\"padding-left: 40px; text-align: justify;\"><span style=\"color: #000000;\"><span style=\"color: #008000;\">IV.<\/span> El Representante de la Contralor\u00eda Municipal.<\/span><\/p><p style=\"text-align: justify;\"><strong><span style=\"color: #008000;\">ART\u00cdCULO 44 Quinquies.<\/span> <\/strong><span style=\"color: #000000;\">Las sesiones del Comit\u00e9 de Adquisiciones se celebrar\u00e1n baj\u00f3 los t\u00e9rminos siguientes:<\/span><\/p><p style=\"padding-left: 40px; text-align: justify;\"><span style=\"color: #000000;\"><span style=\"color: #008000;\">I.<\/span> Ser\u00e1n sesiones ordinarias, las que se realicen conforme al Programa Anual, o extraordinarias, cuando as\u00ed lo determine su Presidente;<\/span><\/p><p style=\"padding-left: 40px; text-align: justify;\"><span style=\"color: #000000;\"><span style=\"color: #008000;\">II.<\/span> La convocatoria, con el orden del d\u00eda, anexos y documentos correspondientes se pondr\u00e1n a disposici\u00f3n de los integrantes y asistentes, cuando menos con veinticuatro horas de anticipaci\u00f3n para las sesiones ordinarias y con doce horas para las extraordinarias;<\/span><\/p><p style=\"padding-left: 40px; text-align: justify;\"><span style=\"color: #000000;\"><span style=\"color: #008000;\">III.<\/span> La convocatoria, orden del d\u00eda, anexos y dem\u00e1s documentos correspondientes, podr\u00e1n entregarse a trav\u00e9s de medios electr\u00f3nicos, en los t\u00e9rminos de la legislaci\u00f3n aplicable;<\/span><\/p><p style=\"padding-left: 40px; text-align: justify;\"><span style=\"color: #000000;\"><span style=\"color: #008000;\">IV.<\/span> La sesi\u00f3n se llevar\u00e1 a cabo cuando asista la mayor\u00eda de los miembros del Comit\u00e9;<\/span><\/p><p style=\"padding-left: 40px; text-align: justify;\"><span style=\"color: #000000;\"><span style=\"color: #008000;\">V.<\/span> Los integrantes del Comit\u00e9 de Adquisiciones no contar\u00e1n con suplentes, por lo que en caso de no existir qu\u00f3rum legal para el desarrollo de la sesi\u00f3n, se podr\u00e1 emitir una segunda convocatoria a fin de celebrar la sesi\u00f3n dentro de las doce horas siguientes;<\/span><\/p><p style=\"padding-left: 40px; text-align: justify;\"><span style=\"color: #000000;\"><span style=\"color: #008000;\">VI.<\/span> Los acuerdos, decisiones o fallos del Comit\u00e9 se tomar\u00e1n por mayor\u00eda de votos de sus integrantes presentes. En caso de empate, el Presidente tendr\u00e1 voto dirimente;<\/span><\/p><p style=\"padding-left: 40px; text-align: justify;\"><span style=\"color: #000000;\"><span style=\"color: #008000;\">VII.<\/span> Los integrantes del Comit\u00e9 tendr\u00e1n derecho a solicitar que se asiente en el acta respectiva el sentido razonado de su voto y las consideraciones o argumentos que expongan;<\/span><\/p><p style=\"padding-left: 40px; text-align: justify;\"><span style=\"color: #000000;\"><span style=\"color: #008000;\">VIII.<\/span> Iniciada la votaci\u00f3n de un asunto s\u00f3lo podr\u00e1 ser suspendida por falla de qu\u00f3rum legal, por causas de fuerza mayor o por acuerdo del Comit\u00e9;<\/span><\/p><p style=\"padding-left: 40px; text-align: justify;\"><span style=\"color: #000000;\"><span style=\"color: #008000;\">IX.<\/span> Un asunto no podr\u00e1 ser votado dos veces la misma sesi\u00f3n;<\/span><\/p><p style=\"padding-left: 40px; text-align: justify;\"><span style=\"color: #000000;\"><span style=\"color: #008000;\">X.<\/span> De cada sesi\u00f3n se levantar\u00e1 acta que ser\u00e1 firmada por todos los que hubieran asistido a ella. En dicha acta se deber\u00e1 se\u00f1alar el acuerdo, decisi\u00f3n o fallo del Comit\u00e9, el sentido del voto de cada uno de sus integrantes y los comentarios de cada caso. Ning\u00fan asistente a la sesi\u00f3n podr\u00e1 negarse a la firma del acta, salvo pena de ser sujeto de responsabilidades conforme a la ley de la materia; y<\/span><\/p><p style=\"padding-left: 40px; text-align: justify;\"><span style=\"color: #000000;\"><span style=\"color: #008000;\">XI.<\/span> Cuando la deliberaci\u00f3n se relacione con alguna de las \u00e1reas administrativas del Instituto, deber\u00e1 comparecer el titular de la unidad administrativa, con voz pero sin voto.<\/span><\/p><p style=\"text-align: justify;\"><span style=\"color: #008000;\"><strong>ART\u00cdCULO 45. <\/strong><\/span><span style=\"color: #000000;\">Para asegurar el cumplimiento y seguimiento de los objetivos, planes y programas del Instituto, \u00e9ste contar\u00e1 con un Comisario, el cual ser\u00e1 designado por el Ayuntamiento, a propuesta del Presidente Municipal.<\/span><\/p><p style=\"text-align: justify;\"><span style=\"color: #000000;\">El Comisario durar\u00e1 en su cargo los tres a\u00f1os de la administraci\u00f3n correspondiente y en caso de renuncia, incapacidad permanente, remoci\u00f3n del cargo o muerte, se designar\u00e1 uno nuevo por el tiempo restante del periodo respectivo.<\/span><\/p><p style=\"text-align: justify;\"><span style=\"color: #000000;\">El Comisario recibir\u00e1 la percepci\u00f3n econ\u00f3mica que se establezca en el presupuesto de egresos del Instituto.<\/span><\/p><p style=\"text-align: justify;\"><span style=\"color: #99cc00;\">ART\u00cdCULOS TRANSITORIOS.<\/span><\/p><p style=\"text-align: justify;\"><span style=\"color: #008000;\"><strong>\u00danico.<\/strong>\u00a0<span style=\"color: #000000;\">El presente acuerdo entrar\u00e1 en vigor al d\u00eda siguiente de su publicaci\u00f3n en el Peri\u00f3dico Oficial del Gobierno del Estado de Guanajuato.<\/span><\/span><\/p><p style=\"text-align: justify;\">\u00a0<\/p>\t\t\t\t\t\t\t\t<\/div>\n\t\t\t\t<\/div>\n\t\t\t\t\t<\/div>\n\t\t<\/div>\n\t\t\t\t\t<\/div>\n\t\t<\/section>\n\t\t\t\t<section class=\"elementor-section elementor-top-section elementor-element elementor-element-9e243e0 elementor-section-boxed elementor-section-height-default elementor-section-height-default\" data-id=\"9e243e0\" data-element_type=\"section\" data-e-type=\"section\">\n\t\t\t\t\t\t<div class=\"elementor-container elementor-column-gap-default\">\n\t\t\t\t\t<div class=\"elementor-column elementor-col-100 elementor-top-column elementor-element elementor-element-56c0c83\" data-id=\"56c0c83\" data-element_type=\"column\" data-e-type=\"column\">\n\t\t\t<div class=\"elementor-widget-wrap elementor-element-populated\">\n\t\t\t\t\t\t<div class=\"elementor-element elementor-element-a5fdab4 elementor-widget elementor-widget-text-editor\" data-id=\"a5fdab4\" data-element_type=\"widget\" data-e-type=\"widget\" data-widget_type=\"text-editor.default\">\n\t\t\t\t<div class=\"elementor-widget-container\">\n\t\t\t\t\t\t\t\t\t<h3 class=\"has-text-align-center\">SESIONES 2022<\/h3>\n<p><div id=\"footable_parent_7752\"\n         class=\" footable_parent ninja_table_wrapper loading_ninja_table wp_table_data_press_parent semantic_ui \">\n                <table data-ninja_table_instance=\"ninja_table_instance_0\" data-footable_id=\"7752\" data-filter-delay=\"1000\" aria-label=\"ComiteAdqui2022\"            id=\"footable_7752\"\n           data-unique_identifier=\"ninja_table_unique_id_1938494665_7752\"\n           class=\" foo-table ninja_footable foo_table_7752 ninja_table_unique_id_1938494665_7752 ui table  nt_type_ajax_table selectable celled striped compact vertical_centered  footable-paging-right ninja_table_search_disabled ninja_table_pro\">\n                <colgroup>\n                            <col class=\"ninja_column_0 \">\n                            <col class=\"ninja_column_1 \">\n                            <col class=\"ninja_column_2 \">\n                            <col class=\"ninja_column_3 \">\n                    <\/colgroup>\n            <\/table>\n    \n    \n    \n<\/div>\n<\/p>\t\t\t\t\t\t\t\t<\/div>\n\t\t\t\t<\/div>\n\t\t\t\t\t<\/div>\n\t\t<\/div>\n\t\t\t\t\t<\/div>\n\t\t<\/section>\n\t\t\t\t<\/div>\n\t\t","protected":false},"excerpt":{"rendered":"<p>Comit\u00e9 de Adquisiciones, Enajenaciones, Arrendamientos y Contrataci\u00f3n de Servicios del Instituto Municipal de Planeaci\u00f3n de Guanajuato, Gto. Con fundamento en el Art\u00edculo 265 de la Ley para el Gobierno y<\/p>\n<a class=\"btn_a\" href=\"https:\/\/www.implanguanajuato.gob.mx\/?page_id=7543\"><span><i class=\"in_left fa fa-angle-right\"><\/i><span>Details<\/span><i class=\"in_right fa fa-angle-right\"><\/i><\/span><\/a>","protected":false},"author":5,"featured_media":0,"parent":0,"menu_order":0,"comment_status":"closed","ping_status":"closed","template":"","meta":{"ngg_post_thumbnail":0,"footnotes":""},"class_list":["post-7543","page","type-page","status-publish","hentry"],"_links":{"self":[{"href":"https:\/\/www.implanguanajuato.gob.mx\/index.php?rest_route=\/wp\/v2\/pages\/7543","targetHints":{"allow":["GET"]}}],"collection":[{"href":"https:\/\/www.implanguanajuato.gob.mx\/index.php?rest_route=\/wp\/v2\/pages"}],"about":[{"href":"https:\/\/www.implanguanajuato.gob.mx\/index.php?rest_route=\/wp\/v2\/types\/page"}],"author":[{"embeddable":true,"href":"https:\/\/www.implanguanajuato.gob.mx\/index.php?rest_route=\/wp\/v2\/users\/5"}],"replies":[{"embeddable":true,"href":"https:\/\/www.implanguanajuato.gob.mx\/index.php?rest_route=%2Fwp%2Fv2%2Fcomments&post=7543"}],"version-history":[{"count":81,"href":"https:\/\/www.implanguanajuato.gob.mx\/index.php?rest_route=\/wp\/v2\/pages\/7543\/revisions"}],"predecessor-version":[{"id":15636,"href":"https:\/\/www.implanguanajuato.gob.mx\/index.php?rest_route=\/wp\/v2\/pages\/7543\/revisions\/15636"}],"wp:attachment":[{"href":"https:\/\/www.implanguanajuato.gob.mx\/index.php?rest_route=%2Fwp%2Fv2%2Fmedia&parent=7543"}],"curies":[{"name":"wp","href":"https:\/\/api.w.org\/{rel}","templated":true}]}}